{"id":129,"date":"2021-09-09T13:25:56","date_gmt":"2021-09-09T11:25:56","guid":{"rendered":"https:\/\/www.entwicklung-sl.de\/?page_id=129"},"modified":"2023-01-13T14:24:15","modified_gmt":"2023-01-13T13:24:15","slug":"coaching","status":"publish","type":"page","link":"https:\/\/www.entwicklung-sl.de\/en\/coaching\/","title":{"rendered":"Coaching"},"content":{"rendered":"<p>[et_pb_section fb_built=&#8221;1&#8243; _builder_version=&#8221;4.16&#8243; background_color=&#8221;#ffeed5&#8243; custom_padding=&#8221;1px|||||&#8221; global_colors_info=&#8221;{}&#8221;][et_pb_row _builder_version=&#8221;4.16&#8243; background_size=&#8221;initial&#8221; background_position=&#8221;top_left&#8221; background_repeat=&#8221;repeat&#8221; global_colors_info=&#8221;{}&#8221;][et_pb_column type=&#8221;4_4&#8243; _builder_version=&#8221;4.16&#8243; custom_padding=&#8221;|||&#8221; global_colors_info=&#8221;{}&#8221; custom_padding__hover=&#8221;|||&#8221;][et_pb_text module_class=&#8221;pa-toggle-text&#8221; _builder_version=&#8221;4.19.2&#8243; header_2_text_align=&#8221;center&#8221; header_2_line_height=&#8221;2em&#8221; header_4_line_height=&#8221;1.3em&#8221; background_color=&#8221;rgba(0,0,0,0)&#8221; background_enable_image=&#8221;off&#8221; background_size=&#8221;initial&#8221; background_repeat=&#8221;repeat&#8221; min_height=&#8221;151.5px&#8221; custom_margin=&#8221;||1px||false|false&#8221; custom_padding=&#8221;||0px||false|false&#8221; global_colors_info=&#8221;{}&#8221;]<\/p>\n<h1 style=\"text-align: center;\"><img loading=\"lazy\" decoding=\"async\" src=\"https:\/\/www.entwicklung-sl.de\/wp-content\/uploads\/2022\/09\/Sandra-19_web-300x200.jpg\" alt=\"\" class=\"wp-image-329 alignleft size-medium\" width=\"300\" height=\"200\" \/>Systemisches Coaching<\/h1>\n<h2>Einzelcoaching mit Meditationen und in der Natur sein<\/h2>\n<p>Bei meinem Coaching geht es darum, Dich l\u00f6sungsorientiert zu unterst\u00fctzen, Deine Visionen und Ziele zu entdecken und zu verwirklichen und nat\u00fcrlich auch darum, \u00a0Deine Herzensw\u00fcnsche zu finden und das zu l\u00f6sen, was Dich hindert Dein natureigenes Potential zu entfalten und zu leben. Die Blockaden, die Dich bisher daran gehindert haben, Deine Ziele zu erreichen werden gefunden, erkannt und gel\u00f6st.<\/p>\n<p>Als Coach sehe ich meine Aufgabe darin, Dir einen heilenden und gesch\u00fctzten Raum zu bereiten und Dich dabei zu unterst\u00fctzen wieder in eine tiefe Verbindung zu Dir selbst zu kommen, sodass Du wieder in Deine Kraft, Eigenst\u00e4ndigkeit und in ein tiefes, neues Bewusstsein kommen kannst.<\/p>\n<p>Ich helfe Dir, alte Verhaltens- und Denkmuster zu erkennen und diese loszulassen, damit Du das Leben, das Du Dir w\u00fcnschst, leben kannst.<br \/>Du lernst Deine innere Stimme wieder wahrzunehmen: auch im Alltag, in dem die leise innere Stimme sonst oft \u00fcberh\u00f6rt wird. Du kannst mehr und mehr die Angst, Sorgen und Bef\u00fcrchtungen los lassen und erf\u00e4hrst ein immer tiefer gehendes Vertrauen.<\/p>\n<p>Entdecke wieder das Kind in Dir, das es liebt neugierig die Welt zu erkunden und spielerisch und mit Freude zu lernen und auszuprobieren.<br \/>Erlebe wie es ist, wieder eine kraftvolle, heile und gesunde Beziehung zu Dir selbst zu haben.<br \/>Dies erm\u00f6glicht Dir dann auch harmonische Beziehungen zu anderen zu f\u00fchren und verhilft Dir zu mehr Lebensfreude und innerer Zufriedenheit.<\/p>\n<p>Gerne \u00a0unterst\u00fctze ich Dich dabei, wie Du Dich wieder entdeckst, Dich in den Fluss des Lebens bringst, neugierig und gest\u00e4rkt durchstartest, Deine Lebensfreude entfaltest und lebst. Du wirst nach den ersten positiven Ver\u00e4nderungen merken, dass Du am Erreichen der von Dir gesetzten Ziele bleiben willst gehst gerne die n\u00e4chsten Schritte.<\/p>\n<p>Einf\u00fchlsam nehme ich Deine Anliegen und Ziele ernst, gebe Dir den Raum und die Zeit, die Du f\u00fcr Dein Wachstum, Deine Wahrnehmung und Deine weiteren Schritte brauchst.<\/p>\n<p>Momente der inneren Stille, Meditation, Aufenthalte in der Natur, einfache \u00dcbungen \u00a0und Lachen w\u00e4hrend des Coachings helfen Dir dabei, wichtige Ver\u00e4nderungen anzusto\u00dfen, sodass sich das Neue z\u00fcgig in Deinem Leben manifestieren kann. Du erf\u00e4hrst Klarheit f\u00fcr den Geist, gewinnst mehr Vertrauen in das Leben und folgst dem Weg Deines Herzens. Auch lernst Du wieder auf Deine Gef\u00fchle, Deine innere Stimme und Intuition zu h\u00f6ren und zu vertrauen.<\/p>\n<p>Wenn Du den Willen und den Wunsch hast weiterzukommen, Dein Bewusstsein zu \u00f6ffnen, zu ver\u00e4ndern, inneren Frieden und Erf\u00fcllung zu finden und das Leben wieder mit allen Sinnen zu leben, dann unterst\u00fctze ich Dich gerne.<\/p>\n<p>Ich arbeite mit Methoden des systemischen Coachings, Tiefenentspannung, Meditationen, Spiritualit\u00e4t, Kinesiologie und mit der systemischen Arbeit.<\/p>\n<p>Ziele und W\u00fcnsche k\u00f6nnen z.B. sein:<\/p>\n<ul>\n<li>Dich beruflich zu ver\u00e4ndern<\/li>\n<li>Deine Berufung zu finden und zu leben<\/li>\n<li>Finanziell erfolgreich zu sein<\/li>\n<li>Deinen Seelenpartner zu finden<\/li>\n<li>Eine harmonische Beziehung zu f\u00fchren<\/li>\n<li>Dich selbst zu lieben<\/li>\n<li>Dich gesund und lebensfroh zu f\u00fchlen<\/li>\n<li>Wieder ins Vertrauen zu kommen<\/li>\n<li>Das Leben zu genie\u00dfen<\/li>\n<li>vieles mehr<\/li>\n<\/ul>\n<p>[\/et_pb_text][\/et_pb_column][\/et_pb_row][\/et_pb_section][et_pb_section fb_built=&#8221;1&#8243; _builder_version=&#8221;4.18.0&#8243; _module_preset=&#8221;default&#8221; background_color=&#8221;rgba(228,189,137,0.71)&#8221; use_background_color_gradient=&#8221;on&#8221; background_color_gradient_stops=&#8221;rgba(0,0,0,0) 0%|rgba(0,0,0,0) 100%&#8221; background_color_gradient_start=&#8221;rgba(0,0,0,0)&#8221; background_color_gradient_end=&#8221;rgba(0,0,0,0)&#8221; custom_margin=&#8221;||||false|false&#8221; bottom_divider_color=&#8221;#ffeed5&#8243; link_option_url_new_window=&#8221;on&#8221; global_colors_info=&#8221;{}&#8221;][et_pb_row _builder_version=&#8221;4.16&#8243; _module_preset=&#8221;default&#8221; global_colors_info=&#8221;{}&#8221;][et_pb_column type=&#8221;4_4&#8243; _builder_version=&#8221;4.16&#8243; _module_preset=&#8221;default&#8221; global_colors_info=&#8221;{}&#8221;][et_pb_blurb title=&#8221;Termin&#8221; image=&#8221;http:\/\/www.entwicklung-sl.de\/wp-content\/uploads\/2021\/05\/business-13.jpg&#8221; image_icon_width=&#8221;40%&#8221; content_max_width=&#8221;1100px&#8221; _builder_version=&#8221;4.19.0&#8243; _module_preset=&#8221;default&#8221; header_level=&#8221;h2&#8243; header_text_align=&#8221;center&#8221; custom_margin=&#8221;50px||||false|false&#8221; border_radii_image=&#8221;on|100px|100px|100px|100px&#8221; box_shadow_style_image=&#8221;preset1&#8243; global_colors_info=&#8221;{}&#8221;]<\/p>\n<p style=\"text-align: center;\"><span>Nach Vereinbarung<\/span><\/p>\n<p style=\"text-align: center;\"><span>Hier kannst Du einen Termin vereinbaren: <br \/>per E-Mail an: Entwicklung-SL (at) posteo.de<br \/>per Telefon: +49 \/ (0)1575 \/ 2080881<br \/><\/span><\/p>\n<p><span>Gerne biete ich Dir vor dem ersten Coaching ein unverbindliches telefonisches Erstgespr\u00e4ch von ca. 20 min an, damit wir uns kennen lernen k\u00f6nnen. <br \/><\/span><\/p>\n<p><span>Die AGBs gehen beim Vereinbaren eines Termins per E-Mail an Dich. <\/span><\/p>\n<p><span>Falls Du einen Termin nicht wahrnehmen kannst, bitte ich Dich ihn mindestens 24 h vorher abzusagen.<br \/><\/span><\/p>\n<p><span><\/span><\/p>\n<p><span>Ich freue mich auf Dich.<\/span><\/p>\n<p>[\/et_pb_blurb][\/et_pb_column][\/et_pb_row][\/et_pb_section][et_pb_section fb_built=&#8221;1&#8243; _builder_version=&#8221;4.18.0&#8243; background_color=&#8221;#ffeed5&#8243; link_option_url_new_window=&#8221;on&#8221; global_colors_info=&#8221;{}&#8221;][et_pb_row _builder_version=&#8221;4.16&#8243; background_size=&#8221;initial&#8221; background_position=&#8221;top_left&#8221; background_repeat=&#8221;repeat&#8221; global_colors_info=&#8221;{}&#8221;][et_pb_column type=&#8221;4_4&#8243; _builder_version=&#8221;4.16&#8243; custom_padding=&#8221;|||&#8221; global_colors_info=&#8221;{}&#8221; custom_padding__hover=&#8221;|||&#8221;][et_pb_blurb title=&#8221;Orte&#8221; image=&#8221;http:\/\/www.entwicklung-sl.de\/wp-content\/uploads\/2022\/10\/12-EP-P1050758-scaled.jpg&#8221; image_icon_width=&#8221;40%&#8221; content_max_width=&#8221;1100px&#8221; _builder_version=&#8221;4.18.0&#8243; _module_preset=&#8221;default&#8221; header_level=&#8221;h2&#8243; header_text_align=&#8221;center&#8221; border_radii_image=&#8221;on|100px|100px|100px|100px&#8221; box_shadow_style_image=&#8221;preset1&#8243; global_colors_info=&#8221;{}&#8221;]<\/p>\n<p>&nbsp;<\/p>\n<ul>\n<li style=\"text-align: center;\"><span>M\u00fcnchen, Deutschland<\/span><\/li>\n<li style=\"text-align: center;\"><span>Marmeleira, Portugal<\/span><\/li>\n<li style=\"text-align: center;\"><span>Per Video-Konferenz\/Zoom\/o.\u00e4.<\/span><\/li>\n<\/ul>\n<p>[\/et_pb_blurb][\/et_pb_column][\/et_pb_row][\/et_pb_section][et_pb_section fb_built=&#8221;1&#8243; _builder_version=&#8221;4.18.0&#8243; _module_preset=&#8221;default&#8221; background_color=&#8221;rgba(228,189,137,0.71)&#8221; use_background_color_gradient=&#8221;on&#8221; background_color_gradient_stops=&#8221;rgba(0,0,0,0) 0%|rgba(0,0,0,0) 100%&#8221; background_color_gradient_start=&#8221;rgba(0,0,0,0)&#8221; background_color_gradient_end=&#8221;rgba(0,0,0,0)&#8221; custom_margin=&#8221;||||false|false&#8221; bottom_divider_color=&#8221;#ffeed5&#8243; link_option_url_new_window=&#8221;on&#8221; global_colors_info=&#8221;{}&#8221;][et_pb_row _builder_version=&#8221;4.16&#8243; _module_preset=&#8221;default&#8221; global_colors_info=&#8221;{}&#8221;][et_pb_column type=&#8221;4_4&#8243; _builder_version=&#8221;4.16&#8243; _module_preset=&#8221;default&#8221; global_colors_info=&#8221;{}&#8221;][et_pb_blurb title=&#8221;Dauer und Preis&#8221; image=&#8221;http:\/\/www.entwicklung-sl.de\/wp-content\/uploads\/2022\/09\/alarm-clock-scaled.jpg&#8221; image_icon_width=&#8221;40%&#8221; content_max_width=&#8221;1100px&#8221; _builder_version=&#8221;4.18.0&#8243; _module_preset=&#8221;default&#8221; header_level=&#8221;h2&#8243; header_text_align=&#8221;center&#8221; custom_margin=&#8221;50px||||false|false&#8221; border_radii_image=&#8221;on|100px|100px|100px|100px&#8221; box_shadow_style_image=&#8221;preset1&#8243; global_colors_info=&#8221;{}&#8221;]<\/p>\n<p><span><\/span><\/p>\n<p><span><\/span><\/p>\n<p style=\"text-align: center;\"><span>Bitte nimm Dir bitte f\u00fcr die Coachingstunde ca. 1,5 Stunden Zeit.<br \/><\/span><\/p>\n<p style=\"text-align: center;\"><span>Das Coaching kostet 123,- Euro netto (bei einem <\/span><span>Basisstundensatz von 82,- Euro netto) zzgl MWSt<br \/><\/span><\/p>\n<p><span><\/span><\/p>\n<p><span><\/span><\/p>\n<p>[\/et_pb_blurb][\/et_pb_column][\/et_pb_row][\/et_pb_section][et_pb_section fb_built=&#8221;1&#8243; _builder_version=&#8221;4.18.0&#8243; background_color=&#8221;#ffeed5&#8243; link_option_url_new_window=&#8221;on&#8221; global_colors_info=&#8221;{}&#8221;][et_pb_row _builder_version=&#8221;4.16&#8243; background_size=&#8221;initial&#8221; background_position=&#8221;top_left&#8221; background_repeat=&#8221;repeat&#8221; global_colors_info=&#8221;{}&#8221;][et_pb_column type=&#8221;4_4&#8243; _builder_version=&#8221;4.16&#8243; custom_padding=&#8221;|||&#8221; global_colors_info=&#8221;{}&#8221; custom_padding__hover=&#8221;|||&#8221;][et_pb_blurb title=&#8221;Hinweise und Kontakt&#8221; image=&#8221;http:\/\/www.entwicklung-sl.de\/wp-content\/uploads\/2022\/09\/P1270465-Herbststimmung-OBB-klein.jpg&#8221; image_icon_width=&#8221;63%&#8221; content_max_width=&#8221;1100px&#8221; _builder_version=&#8221;4.19.4&#8243; _module_preset=&#8221;default&#8221; header_level=&#8221;h2&#8243; header_text_align=&#8221;center&#8221; border_radii_image=&#8221;on|100px|100px|100px|100px&#8221; box_shadow_style_image=&#8221;preset1&#8243; global_colors_info=&#8221;{}&#8221;]<\/p>\n<p><span><\/span><\/p>\n<p style=\"text-align: center;\"><span>F\u00fcr Coachings in der Natur bringe bitte wetterfeste Kleidung und Schuhe f\u00fcr Wald-\/Parkspazierg\u00e4nge mit.<\/span><\/p>\n<p style=\"text-align: center;\">Du m\u00f6chtest mich kontaktieren?<br \/>Schreibe eine E-Mail an:\u00a0 Entwicklung-SL\u00a0 (et)\u00a0 posteo.de<\/p>\n<p style=\"text-align: center;\">\n<p style=\"text-align: center;\">RECHTLICHER HINWEIS: <br \/>Die Inhalte der Seiten ersetzen weder eine \u00e4rztliche Abkl\u00e4rung und\/oder Behandlung und keinen Besuch beim Arzt oder Psychologen. <br \/>Die Anwendung und Umsetzung erfolgt in eigener Verantwortung. Die Haftung der Betreiber dieser Webseite wird ausgeschlossen. <br \/>Sandra Ledwinka \u00fcbernimmt keine Verantwortung f\u00fcr Sch\u00e4den an Personen oder Eigentum die durch Ideen, Methoden, Anleitungen oder Produkte entstehen, auf welche hier hingewiesen wird.<\/p>\n<p><span><\/span><\/p>\n<p>[\/et_pb_blurb][\/et_pb_column][\/et_pb_row][\/et_pb_section]<\/p>\n","protected":false},"excerpt":{"rendered":"<p>Systemisches Coaching Einzelcoaching mit Meditationen und in der Natur sein Bei meinem Coaching geht es darum, Dich l\u00f6sungsorientiert zu unterst\u00fctzen, Deine Visionen und Ziele zu entdecken und zu verwirklichen und nat\u00fcrlich auch darum, \u00a0Deine Herzensw\u00fcnsche zu finden und das zu l\u00f6sen, was Dich hindert Dein natureigenes Potential zu entfalten und zu leben. Die Blockaden, die [&hellip;]<\/p>\n","protected":false},"author":1,"featured_media":0,"parent":0,"menu_order":0,"comment_status":"closed","ping_status":"closed","template":"","meta":{"_et_pb_use_builder":"on","_et_pb_old_content":"","_et_gb_content_width":"","footnotes":""},"class_list":["post-129","page","type-page","status-publish","hentry"],"yoast_head":"<!-- This site is optimized with the Yoast SEO plugin v27.5 - https:\/\/yoast.com\/product\/yoast-seo-wordpress\/ -->\n<title>Coaching - Bewirke was - tue was<\/title>\n<meta name=\"robots\" content=\"index, follow, max-snippet:-1, max-image-preview:large, max-video-preview:-1\" \/>\n<link rel=\"canonical\" href=\"https:\/\/www.entwicklung-sl.de\/en\/coaching\/\" \/>\n<meta property=\"og:locale\" content=\"en_US\" \/>\n<meta property=\"og:type\" content=\"article\" \/>\n<meta property=\"og:title\" content=\"Coaching - Bewirke was - tue was\" \/>\n<meta property=\"og:description\" content=\"Systemisches Coaching Einzelcoaching mit Meditationen und in der Natur sein Bei meinem Coaching geht es darum, Dich l\u00f6sungsorientiert zu unterst\u00fctzen, Deine Visionen und Ziele zu entdecken und zu verwirklichen und nat\u00fcrlich auch darum, \u00a0Deine Herzensw\u00fcnsche zu finden und das zu l\u00f6sen, was Dich hindert Dein natureigenes Potential zu entfalten und zu leben. Die Blockaden, die [&hellip;]\" \/>\n<meta property=\"og:url\" content=\"https:\/\/www.entwicklung-sl.de\/en\/coaching\/\" \/>\n<meta property=\"og:site_name\" content=\"Bewirke was - tue was\" \/>\n<meta property=\"article:modified_time\" content=\"2023-01-13T13:24:15+00:00\" \/>\n<meta property=\"og:image\" content=\"https:\/\/www.entwicklung-sl.de\/wp-content\/uploads\/2022\/09\/Sandra-19_web-300x200.jpg\" \/>\n<meta name=\"twitter:card\" content=\"summary_large_image\" \/>\n<meta name=\"twitter:label1\" content=\"Est. reading time\" \/>\n\t<meta name=\"twitter:data1\" content=\"4 minutes\" \/>\n<script type=\"application\/ld+json\" class=\"yoast-schema-graph\">{\"@context\":\"https:\\\/\\\/schema.org\",\"@graph\":[{\"@type\":\"WebPage\",\"@id\":\"https:\\\/\\\/www.entwicklung-sl.de\\\/coaching\\\/\",\"url\":\"https:\\\/\\\/www.entwicklung-sl.de\\\/coaching\\\/\",\"name\":\"Coaching - Bewirke was - tue was\",\"isPartOf\":{\"@id\":\"https:\\\/\\\/www.entwicklung-sl.de\\\/#website\"},\"primaryImageOfPage\":{\"@id\":\"https:\\\/\\\/www.entwicklung-sl.de\\\/coaching\\\/#primaryimage\"},\"image\":{\"@id\":\"https:\\\/\\\/www.entwicklung-sl.de\\\/coaching\\\/#primaryimage\"},\"thumbnailUrl\":\"https:\\\/\\\/www.entwicklung-sl.de\\\/wp-content\\\/uploads\\\/2022\\\/09\\\/Sandra-19_web-300x200.jpg\",\"datePublished\":\"2021-09-09T11:25:56+00:00\",\"dateModified\":\"2023-01-13T13:24:15+00:00\",\"breadcrumb\":{\"@id\":\"https:\\\/\\\/www.entwicklung-sl.de\\\/coaching\\\/#breadcrumb\"},\"inLanguage\":\"en-US\",\"potentialAction\":[{\"@type\":\"ReadAction\",\"target\":[\"https:\\\/\\\/www.entwicklung-sl.de\\\/coaching\\\/\"]}]},{\"@type\":\"ImageObject\",\"inLanguage\":\"en-US\",\"@id\":\"https:\\\/\\\/www.entwicklung-sl.de\\\/coaching\\\/#primaryimage\",\"url\":\"https:\\\/\\\/www.entwicklung-sl.de\\\/wp-content\\\/uploads\\\/2022\\\/09\\\/Sandra-19_web-300x200.jpg\",\"contentUrl\":\"https:\\\/\\\/www.entwicklung-sl.de\\\/wp-content\\\/uploads\\\/2022\\\/09\\\/Sandra-19_web-300x200.jpg\"},{\"@type\":\"BreadcrumbList\",\"@id\":\"https:\\\/\\\/www.entwicklung-sl.de\\\/coaching\\\/#breadcrumb\",\"itemListElement\":[{\"@type\":\"ListItem\",\"position\":1,\"name\":\"Startseite\",\"item\":\"https:\\\/\\\/www.entwicklung-sl.de\\\/\"},{\"@type\":\"ListItem\",\"position\":2,\"name\":\"Coaching\"}]},{\"@type\":\"WebSite\",\"@id\":\"https:\\\/\\\/www.entwicklung-sl.de\\\/#website\",\"url\":\"https:\\\/\\\/www.entwicklung-sl.de\\\/\",\"name\":\"Bewirke was - tue was\",\"description\":\"\",\"potentialAction\":[{\"@type\":\"SearchAction\",\"target\":{\"@type\":\"EntryPoint\",\"urlTemplate\":\"https:\\\/\\\/www.entwicklung-sl.de\\\/?s={search_term_string}\"},\"query-input\":{\"@type\":\"PropertyValueSpecification\",\"valueRequired\":true,\"valueName\":\"search_term_string\"}}],\"inLanguage\":\"en-US\"}]}<\/script>\n<!-- \/ Yoast SEO plugin. -->","yoast_head_json":{"title":"Coaching - Bewirke was - tue was","robots":{"index":"index","follow":"follow","max-snippet":"max-snippet:-1","max-image-preview":"max-image-preview:large","max-video-preview":"max-video-preview:-1"},"canonical":"https:\/\/www.entwicklung-sl.de\/en\/coaching\/","og_locale":"en_US","og_type":"article","og_title":"Coaching - Bewirke was - tue was","og_description":"Systemisches Coaching Einzelcoaching mit Meditationen und in der Natur sein Bei meinem Coaching geht es darum, Dich l\u00f6sungsorientiert zu unterst\u00fctzen, Deine Visionen und Ziele zu entdecken und zu verwirklichen und nat\u00fcrlich auch darum, \u00a0Deine Herzensw\u00fcnsche zu finden und das zu l\u00f6sen, was Dich hindert Dein natureigenes Potential zu entfalten und zu leben. Die Blockaden, die [&hellip;]","og_url":"https:\/\/www.entwicklung-sl.de\/en\/coaching\/","og_site_name":"Bewirke was - tue was","article_modified_time":"2023-01-13T13:24:15+00:00","og_image":[{"url":"https:\/\/www.entwicklung-sl.de\/wp-content\/uploads\/2022\/09\/Sandra-19_web-300x200.jpg","type":"","width":"","height":""}],"twitter_card":"summary_large_image","twitter_misc":{"Est. reading time":"4 minutes"},"schema":{"@context":"https:\/\/schema.org","@graph":[{"@type":"WebPage","@id":"https:\/\/www.entwicklung-sl.de\/coaching\/","url":"https:\/\/www.entwicklung-sl.de\/coaching\/","name":"Coaching - Bewirke was - tue was","isPartOf":{"@id":"https:\/\/www.entwicklung-sl.de\/#website"},"primaryImageOfPage":{"@id":"https:\/\/www.entwicklung-sl.de\/coaching\/#primaryimage"},"image":{"@id":"https:\/\/www.entwicklung-sl.de\/coaching\/#primaryimage"},"thumbnailUrl":"https:\/\/www.entwicklung-sl.de\/wp-content\/uploads\/2022\/09\/Sandra-19_web-300x200.jpg","datePublished":"2021-09-09T11:25:56+00:00","dateModified":"2023-01-13T13:24:15+00:00","breadcrumb":{"@id":"https:\/\/www.entwicklung-sl.de\/coaching\/#breadcrumb"},"inLanguage":"en-US","potentialAction":[{"@type":"ReadAction","target":["https:\/\/www.entwicklung-sl.de\/coaching\/"]}]},{"@type":"ImageObject","inLanguage":"en-US","@id":"https:\/\/www.entwicklung-sl.de\/coaching\/#primaryimage","url":"https:\/\/www.entwicklung-sl.de\/wp-content\/uploads\/2022\/09\/Sandra-19_web-300x200.jpg","contentUrl":"https:\/\/www.entwicklung-sl.de\/wp-content\/uploads\/2022\/09\/Sandra-19_web-300x200.jpg"},{"@type":"BreadcrumbList","@id":"https:\/\/www.entwicklung-sl.de\/coaching\/#breadcrumb","itemListElement":[{"@type":"ListItem","position":1,"name":"Startseite","item":"https:\/\/www.entwicklung-sl.de\/"},{"@type":"ListItem","position":2,"name":"Coaching"}]},{"@type":"WebSite","@id":"https:\/\/www.entwicklung-sl.de\/#website","url":"https:\/\/www.entwicklung-sl.de\/","name":"Bewirke was - tue was","description":"","potentialAction":[{"@type":"SearchAction","target":{"@type":"EntryPoint","urlTemplate":"https:\/\/www.entwicklung-sl.de\/?s={search_term_string}"},"query-input":{"@type":"PropertyValueSpecification","valueRequired":true,"valueName":"search_term_string"}}],"inLanguage":"en-US"}]}},"_links":{"self":[{"href":"https:\/\/www.entwicklung-sl.de\/en\/wp-json\/wp\/v2\/pages\/129","targetHints":{"allow":["GET"]}}],"collection":[{"href":"https:\/\/www.entwicklung-sl.de\/en\/wp-json\/wp\/v2\/pages"}],"about":[{"href":"https:\/\/www.entwicklung-sl.de\/en\/wp-json\/wp\/v2\/types\/page"}],"author":[{"embeddable":true,"href":"https:\/\/www.entwicklung-sl.de\/en\/wp-json\/wp\/v2\/users\/1"}],"replies":[{"embeddable":true,"href":"https:\/\/www.entwicklung-sl.de\/en\/wp-json\/wp\/v2\/comments?post=129"}],"version-history":[{"count":49,"href":"https:\/\/www.entwicklung-sl.de\/en\/wp-json\/wp\/v2\/pages\/129\/revisions"}],"predecessor-version":[{"id":883,"href":"https:\/\/www.entwicklung-sl.de\/en\/wp-json\/wp\/v2\/pages\/129\/revisions\/883"}],"wp:attachment":[{"href":"https:\/\/www.entwicklung-sl.de\/en\/wp-json\/wp\/v2\/media?parent=129"}],"curies":[{"name":"wp","href":"https:\/\/api.w.org\/{rel}","templated":true}]}}