{"id":134,"date":"2021-09-09T13:28:38","date_gmt":"2021-09-09T11:28:38","guid":{"rendered":"https:\/\/www.entwicklung-sl.de\/?page_id=134"},"modified":"2023-12-02T19:50:14","modified_gmt":"2023-12-02T18:50:14","slug":"fotografie","status":"publish","type":"page","link":"https:\/\/www.entwicklung-sl.de\/en\/fotografie\/","title":{"rendered":"Fotografie"},"content":{"rendered":"<p>[et_pb_section fb_built=&#8221;1&#8243; _builder_version=&#8221;4.16&#8243; background_color=&#8221;#ffeed5&#8243; custom_padding=&#8221;2px|||||&#8221; global_colors_info=&#8221;{}&#8221;][et_pb_row _builder_version=&#8221;4.16&#8243; background_size=&#8221;initial&#8221; background_position=&#8221;top_left&#8221; background_repeat=&#8221;repeat&#8221; global_colors_info=&#8221;{}&#8221;][et_pb_column type=&#8221;4_4&#8243; _builder_version=&#8221;4.16&#8243; custom_padding=&#8221;|||&#8221; global_colors_info=&#8221;{}&#8221; custom_padding__hover=&#8221;|||&#8221;][et_pb_text module_class=&#8221;pa-toggle-text&#8221; _builder_version=&#8221;4.19.2&#8243; text_line_height=&#8221;1.5em&#8221; header_2_text_align=&#8221;center&#8221; header_2_line_height=&#8221;2em&#8221; background_color=&#8221;rgba(0,0,0,0)&#8221; background_enable_image=&#8221;off&#8221; background_size=&#8221;initial&#8221; background_repeat=&#8221;repeat&#8221; min_height=&#8221;151.5px&#8221; custom_margin=&#8221;||1px|||&#8221; custom_padding=&#8221;||0px|||&#8221; global_colors_info=&#8221;{}&#8221;]<\/p>\n<h1 style=\"text-align: center;\">\u00a0 <img loading=\"lazy\" decoding=\"async\" src=\"https:\/\/www.entwicklung-sl.de\/wp-content\/uploads\/2022\/12\/P1011866-geschnitten-199x300.jpg\" alt=\"\" class=\"wp-image-865 alignleft size-medium\" width=\"199\" height=\"300\" \/>Fotografie<\/h1>\n<h2>Meine innere K\u00fcnstlerin ist Fotografin<\/h2>\n<p>Wenn mein inneres Kind bei langer B\u00fcroarbeit \u201eLAAAANGGGWEEEEILIGGGG!\u201c sagt, dann wei\u00df ich, dass es wieder einmal Zeit ist zu fotografieren. Dieser Teil in mir ist mir \u00e4u\u00dferst wichtig und ich f\u00fchle mich beim Fotografieren lebendig und getragen. Meist zieht mich eine Stimmung, ein Detail oder ein Landschaftsausschnitt wie magisch an. Die Energie, die Magie, die Stimmung und den Augenblick fange ich dann mit fast schon kindlicher Freude ein. Zumindestens falls ich eine Kamera dabei habe. Und meist ist das nicht die teure gute Spiegelreflexkamera.<\/p>\n<p>Mit meinen Bildern nehme Dich mit auf eine Gef\u00fchlsreise, die Dich dazu animiert im Alltag innezuhalten und zur Ruhe zu kommen. Sie laden Dich dazu ein, Deine Aufmerksamkeit auf etwas Interessantes, Besonderes oder Sch\u00f6nes zu richten und beim Betrachten im Hier und Jetzt zu sein.<\/p>\n<p>Ich biete unbearbeitete, unverf\u00e4lschte Fotos an und zeige damit auch meine eigene Nat\u00fcrlichkeit und Unbedarftheit.<\/p>\n<p>In der ein oder anderen Fotoreihe steht aber auch die Fotobearbeitung als Stilmittel im Vordergrund des Bildes und dann sind die Bilder bearbeitet was sofort ins Auge f\u00e4llt und ganz bewusst gew\u00e4hlt und Absicht ist.<\/p>\n<p>F\u00fcr mich ist Kunst ungeeignet ein PERFEKT erreichen zu wollen, denn der Charm des Bildes ensteht auch durch die kleinen &#8220;Ungereimtheiten&#8221;. Da darf das Bild auch mal leicht schief daherkommen. Das hei\u00dft dass es in der Kunst kein Richtig oder Falsch und keine Fehler gibt. Ein sch\u00f6nes Foto ist einfach anziehend und macht Spa\u00df, egal ob technisch perfekt oder nicht. Daher bearbeite ich meine Fotos nicht.<\/p>\n<p>&nbsp;<\/p>\n<h1 style=\"text-align: center;\"><strong>\u00a0<\/strong><\/h1>\n<p>[\/et_pb_text][\/et_pb_column][\/et_pb_row][\/et_pb_section][et_pb_section fb_built=&#8221;1&#8243; _builder_version=&#8221;4.18.0&#8243; _module_preset=&#8221;default&#8221; background_color=&#8221;rgba(228,189,137,0.71)&#8221; use_background_color_gradient=&#8221;on&#8221; background_color_gradient_stops=&#8221;rgba(0,0,0,0) 0%|rgba(0,0,0,0) 100%&#8221; background_color_gradient_start=&#8221;rgba(0,0,0,0)&#8221; background_color_gradient_end=&#8221;rgba(0,0,0,0)&#8221; custom_margin=&#8221;||||false|false&#8221; custom_padding=&#8221;16px|||||&#8221; bottom_divider_color=&#8221;#ffeed5&#8243; link_option_url_new_window=&#8221;on&#8221; global_colors_info=&#8221;{}&#8221;][et_pb_row _builder_version=&#8221;4.16&#8243; _module_preset=&#8221;default&#8221; custom_padding=&#8221;13px|||||&#8221; global_colors_info=&#8221;{}&#8221;][et_pb_column type=&#8221;4_4&#8243; _builder_version=&#8221;4.16&#8243; _module_preset=&#8221;default&#8221; global_colors_info=&#8221;{}&#8221;][et_pb_blurb title=&#8221;Fotografie-Auswahl &#8211; Das Angebot wird st\u00e4ndig erweitert&#8221; _builder_version=&#8221;4.19.2&#8243; _module_preset=&#8221;default&#8221; header_level=&#8221;h2&#8243; header_text_align=&#8221;center&#8221; custom_margin=&#8221;50px||||false|false&#8221; border_radii_image=&#8221;on|100px|100px|100px|100px&#8221; box_shadow_style_image=&#8221;preset1&#8243; global_colors_info=&#8221;{}&#8221;][\/et_pb_blurb][\/et_pb_column][\/et_pb_row][et_pb_row _builder_version=&#8221;4.18.0&#8243; _module_preset=&#8221;default&#8221; global_colors_info=&#8221;{}&#8221;][et_pb_column type=&#8221;4_4&#8243; _builder_version=&#8221;4.18.0&#8243; _module_preset=&#8221;default&#8221; global_colors_info=&#8221;{}&#8221;][et_pb_text _builder_version=&#8221;4.18.0&#8243; _module_preset=&#8221;default&#8221; global_colors_info=&#8221;{}&#8221;]<\/p>\n<style id=\"bwg-style-0\">    #bwg_container1_0 #bwg_container2_0 .bwg-container-0.bwg-album-thumbnails {    width: 1010px;    justify-content: center;            justify-content: center;        margin:0 auto !important;          background-color: rgba(255, 255, 255, 0.00);          padding-left: 10px;      padding-top: 10px;      max-width: 100%;          }        #bwg_container1_0 #bwg_container2_0 .bwg-container-0.bwg-album-thumbnails .bwg-item {    justify-content: flex-start;    max-width: 250px;        }    #bwg_container1_0 #bwg_container2_0 .bwg-container-0.bwg-album-thumbnails .bwg-item a {      margin-right: 10px;      margin-bottom: 10px;    }    #bwg_container1_0 #bwg_container2_0 .bwg-container-0.bwg-album-thumbnails .bwg-item0 {      padding: 0px;            background-color:rgba(0,0,0, 0.30);      border: 0px none #CCCCCC;      opacity: 1.00;      border-radius: 0;      box-shadow: 0px 0px 0px #888888;    }    #bwg_container1_0 #bwg_container2_0 .bwg-container-0.bwg-album-thumbnails .bwg-item1 img {      max-height: none;      max-width: none;      padding: 0 !important;    }          @media only screen and (min-width: 480px) {      #bwg_container1_0 #bwg_container2_0 .bwg-container-0.bwg-album-thumbnails .bwg-item1 img {      -webkit-transition: all .3s; transition: all .3s;      }      #bwg_container1_0 #bwg_container2_0 .bwg-container-0.bwg-album-thumbnails .bwg-item1 img:hover {        -ms-transform: scale(1.08);        -webkit-transform: scale(1.08);        transform: scale(1.08);      }            }          #bwg_container1_0 #bwg_container2_0 .bwg-container-0.bwg-album-thumbnails .bwg-item1 {      padding-top: 56%;    }        #bwg_container1_0 #bwg_container2_0 .bwg-container-0.bwg-album-thumbnails .bwg-title2 {      color: #323A45;      font-family: arial;      font-size: 16px;      font-weight: normal;      padding: 4px;      text-shadow: 0px 0px 0px #888888;      max-height: 100%;    }        #bwg_container1_0 #bwg_container2_0 .bwg-container-0.bwg-standard-thumbnails {      width: 1010px;              justify-content: center;        margin:0 auto !important;              background-color: rgba(255, 255, 255, 0.00);            padding-left: 10px;      padding-top: 10px;      max-width: 100%;            }        #bwg_container1_0 #bwg_container2_0 .bwg-container-0.bwg-standard-thumbnails .bwg-item {    justify-content: flex-start;      max-width: 250px;          }    #bwg_container1_0 #bwg_container2_0 .bwg-container-0.bwg-standard-thumbnails .bwg-item a {       margin-right: 10px;       margin-bottom: 10px;    }    #bwg_container1_0 #bwg_container2_0 .bwg-container-0.bwg-standard-thumbnails .bwg-item0 {      padding: 0px;            background-color:rgba(0,0,0, 0.30);      border: 0px none #CCCCCC;      opacity: 1.00;      border-radius: 0;      box-shadow: 0px 0px 0px #888888;    }    #bwg_container1_0 #bwg_container2_0 .bwg-container-0.bwg-standard-thumbnails .bwg-item1 img {      max-height: none;      max-width: none;      padding: 0 !important;    }         @media only screen and (min-width: 480px) {\t\t#bwg_container1_0 #bwg_container2_0 .bwg-container-0.bwg-standard-thumbnails .bwg-item1 img {\t\t\t-webkit-transition: all .3s; transition: all .3s;\t\t}\t\t#bwg_container1_0 #bwg_container2_0 .bwg-container-0.bwg-standard-thumbnails .bwg-item1 img:hover {\t\t\t-ms-transform: scale(1.08);\t\t\t-webkit-transform: scale(1.08);\t\t\ttransform: scale(1.08);\t\t}\t\t      }\t    #bwg_container1_0 #bwg_container2_0 .bwg-container-0.bwg-standard-thumbnails .bwg-item1 {      padding-top: 56%;    }        #bwg_container1_0 #bwg_container2_0 .bwg-container-0.bwg-standard-thumbnails .bwg-title2,    #bwg_container1_0 #bwg_container2_0 .bwg-container-0.bwg-standard-thumbnails .bwg-ecommerce2 {      color: #323A45;      font-family: arial;      font-size: 16px;      font-weight: normal;      padding: 2px;      text-shadow: 0px 0px 0px #888888;      max-height: 100%;    }    #bwg_container1_0 #bwg_container2_0 .bwg-container-0.bwg-standard-thumbnails .bwg-thumb-description span {    color: #323A45;    font-family: Ubuntu;    font-size: 12px;    max-height: 100%;    word-wrap: break-word;    }    #bwg_container1_0 #bwg_container2_0 .bwg-container-0.bwg-standard-thumbnails .bwg-play-icon2 {      font-size: 32px;    }    #bwg_container1_0 #bwg_container2_0 .bwg-container-0.bwg-standard-thumbnails .bwg-ecommerce2 {      font-size: 19.2px;      color: #323A45;    }    <\/style>    <div id=\"bwg_container1_0\"         class=\"bwg_container bwg_thumbnail bwg_album_compact_preview bwg_thumbnail\"         data-right-click-protection=\"1\"         data-bwg=\"0\"         data-scroll=\"0\"         data-gallery-type=\"album_compact_preview\"         data-gallery-view-type=\"thumbnail\"         data-current-url=\"\/en\/wp-json\/wp\/v2\/pages\/134\"         data-lightbox-url=\"https:\/\/www.entwicklung-sl.de\/sl-login\/admin-ajax.php?action=GalleryBox&#038;current_view=0&#038;gallery_id=0&#038;tag=0&#038;theme_id=1&#038;shortcode_id=25&#038;sort_by=order&#038;order_by=asc&#038;current_url=%2Fen%2Fwp-json%2Fwp%2Fv2%2Fpages%2F134\"         data-gallery-id=\"0\"         data-popup-width=\"800\"         data-popup-height=\"500\"         data-is-album=\"album\"         data-buttons-position=\"bottom\">      <div id=\"bwg_container2_0\">             <div id=\"ajax_loading_0\" class=\"bwg_loading_div_1\">      <div class=\"bwg_loading_div_2\">        <div class=\"bwg_loading_div_3\">          <div id=\"loading_div_0\" class=\"bwg_spider_ajax_loading\">          <\/div>        <\/div>      <\/div>    <\/div>            <form id=\"gal_front_form_0\"              class=\"bwg-hidden\"              method=\"post\"              action=\"#\"              data-current=\"0\"              data-shortcode-id=\"25\"              data-gallery-type=\"album_compact_preview\"              data-gallery-id=\"0\"              data-tag=\"0\"              data-album-id=\"1\"              data-theme-id=\"1\"              data-ajax-url=\"https:\/\/www.entwicklung-sl.de\/sl-login\/admin-ajax.php?action=bwg_frontend_data\">          <div id=\"bwg_container3_0\" class=\"bwg-background bwg-background-0\">                <div data-max-count=\"4\"         data-thumbnail-width=\"250\"         data-bwg=\"0\"         id=\"bwg_album_compact_0\"         class=\"bwg-thumbnails bwg-container bwg-container-0 bwg-album-thumbnails bwg_album_thumbnails_0\">              <div class=\"bwg-item\">          <a class=\"bwg-a bwg-album bwg_album_0\"             href='\/en\/wp-json\/wp\/v2\/pages\/134?type_0=gallery&#038;album_gallery_id_0=1'                          data-container_id=\"bwg_album_compact_0\"             data-def_type=\"gallery\"             data-album_gallery_id=\"1\"             data-alb_gal_id=\"1\"             data-title=\"Garten und Blumen\"             data-bwg=\"0\">                        <div class=\"bwg-item0 \">              <div class=\"bwg-item1 \">                <div class=\"bwg-item2\">                  <img decoding=\"async\" class=\"skip-lazy \"                       data-width=\"500.00\"                       data-height=\"375.00\"                       data-src=\"https:\/\/www.entwicklung-sl.de\/wp-content\/uploads\/photo-gallery\/imported_from_media_libray\/thumb\/SL-G-12-P1580403.jpg?bwg=1663676090\"                       src=\"https:\/\/www.entwicklung-sl.de\/wp-content\/uploads\/photo-gallery\/imported_from_media_libray\/thumb\/SL-G-12-P1580403.jpg?bwg=1663676090\"                       alt=\"Garten und Blumen\"                       title=\"Garten und Blumen\" \/>                <\/div>                <div class=\"\">                                  <\/div>              <\/div>            <\/div>            <div class=\"bwg-title1\"><div class=\"bwg-title2\">Garten und Blumen<\/div><\/div>          <\/a>        <\/div>                <div class=\"bwg-item\">          <a class=\"bwg-a bwg-album bwg_album_0\"             href='\/en\/wp-json\/wp\/v2\/pages\/134?type_0=gallery&#038;album_gallery_id_0=2'                          data-container_id=\"bwg_album_compact_0\"             data-def_type=\"gallery\"             data-album_gallery_id=\"1\"             data-alb_gal_id=\"2\"             data-title=\"Morgen- und Abendstimmung am Wasser\"             data-bwg=\"0\">                        <div class=\"bwg-item0 \">              <div class=\"bwg-item1 \">                <div class=\"bwg-item2\">                  <img decoding=\"async\" class=\"skip-lazy \"                       data-width=\"500.00\"                       data-height=\"375.00\"                       data-src=\"https:\/\/www.entwicklung-sl.de\/wp-content\/uploads\/photo-gallery\/imported_from_media_libray\/thumb\/SL-SoUW-1-P1000374-klein.jpg?bwg=1663748281\"                       src=\"https:\/\/www.entwicklung-sl.de\/wp-content\/uploads\/photo-gallery\/imported_from_media_libray\/thumb\/SL-SoUW-1-P1000374-klein.jpg?bwg=1663748281\"                       alt=\"Morgen- und Abendstimmung am Wasser\"                       title=\"Morgen- und Abendstimmung am Wasser\" \/>                <\/div>                <div class=\"\">                                  <\/div>              <\/div>            <\/div>            <div class=\"bwg-title1\"><div class=\"bwg-title2\">Morgen- und Abendstimmung am Wasser<\/div><\/div>          <\/a>        <\/div>                <div class=\"bwg-item\">          <a class=\"bwg-a bwg-album bwg_album_0\"             href='\/en\/wp-json\/wp\/v2\/pages\/134?type_0=gallery&#038;album_gallery_id_0=3'                          data-container_id=\"bwg_album_compact_0\"             data-def_type=\"gallery\"             data-album_gallery_id=\"1\"             data-alb_gal_id=\"3\"             data-title=\"Wasserspiele\"             data-bwg=\"0\">                        <div class=\"bwg-item0 \">              <div class=\"bwg-item1 \">                <div class=\"bwg-item2\">                  <img decoding=\"async\" class=\"skip-lazy \"                       data-width=\"500.00\"                       data-height=\"375.00\"                       data-src=\"https:\/\/www.entwicklung-sl.de\/wp-content\/uploads\/photo-gallery\/imported_from_media_libray\/thumb\/Brunnen-Nizza-orig-P1420333-klein.jpg?bwg=1663748321\"                       src=\"https:\/\/www.entwicklung-sl.de\/wp-content\/uploads\/photo-gallery\/imported_from_media_libray\/thumb\/Brunnen-Nizza-orig-P1420333-klein.jpg?bwg=1663748321\"                       alt=\"Wasserspiele\"                       title=\"Wasserspiele\" \/>                <\/div>                <div class=\"\">                                  <\/div>              <\/div>            <\/div>            <div class=\"bwg-title1\"><div class=\"bwg-title2\">Wasserspiele<\/div><\/div>          <\/a>        <\/div>                <div class=\"bwg-item\">          <a class=\"bwg-a bwg-album bwg_album_0\"             href='\/en\/wp-json\/wp\/v2\/pages\/134?type_0=gallery&#038;album_gallery_id_0=4'                          data-container_id=\"bwg_album_compact_0\"             data-def_type=\"gallery\"             data-album_gallery_id=\"1\"             data-alb_gal_id=\"4\"             data-title=\"Dies und Das\"             data-bwg=\"0\">                        <div class=\"bwg-item0 \">              <div class=\"bwg-item1 \">                <div class=\"bwg-item2\">                  <img decoding=\"async\" class=\"skip-lazy \"                       data-width=\"500.00\"                       data-height=\"375.00\"                       data-src=\"https:\/\/www.entwicklung-sl.de\/wp-content\/uploads\/photo-gallery\/imported_from_media_libray\/thumb\/P1310040-klein.jpg?bwg=1663748346\"                       src=\"https:\/\/www.entwicklung-sl.de\/wp-content\/uploads\/photo-gallery\/imported_from_media_libray\/thumb\/P1310040-klein.jpg?bwg=1663748346\"                       alt=\"Dies und Das\"                       title=\"Dies und Das\" \/>                <\/div>                <div class=\"\">                                  <\/div>              <\/div>            <\/div>            <div class=\"bwg-title1\"><div class=\"bwg-title2\">Dies und Das<\/div><\/div>          <\/a>        <\/div>                <div class=\"bwg-item\">          <a class=\"bwg-a bwg-album bwg_album_0\"             href='\/en\/wp-json\/wp\/v2\/pages\/134?type_0=gallery&#038;album_gallery_id_0=5'                          data-container_id=\"bwg_album_compact_0\"             data-def_type=\"gallery\"             data-album_gallery_id=\"1\"             data-alb_gal_id=\"5\"             data-title=\"farbenfrohe Herbststimmung\"             data-bwg=\"0\">                        <div class=\"bwg-item0 \">              <div class=\"bwg-item1 \">                <div class=\"bwg-item2\">                  <img decoding=\"async\" class=\"skip-lazy \"                       data-width=\"500.00\"                       data-height=\"333.00\"                       data-src=\"https:\/\/www.entwicklung-sl.de\/wp-content\/uploads\/photo-gallery\/imported_from_media_libray\/thumb\/SL-H-3-P1044418.jpg?bwg=1663748370\"                       src=\"https:\/\/www.entwicklung-sl.de\/wp-content\/uploads\/photo-gallery\/imported_from_media_libray\/thumb\/SL-H-3-P1044418.jpg?bwg=1663748370\"                       alt=\"farbenfrohe Herbststimmung\"                       title=\"farbenfrohe Herbststimmung\" \/>                <\/div>                <div class=\"\">                                  <\/div>              <\/div>            <\/div>            <div class=\"bwg-title1\"><div class=\"bwg-title2\">farbenfrohe Herbststimmung<\/div><\/div>          <\/a>        <\/div>                <div class=\"bwg-item\">          <a class=\"bwg-a bwg-album bwg_album_0\"             href='\/en\/wp-json\/wp\/v2\/pages\/134?type_0=gallery&#038;album_gallery_id_0=6'                          data-container_id=\"bwg_album_compact_0\"             data-def_type=\"gallery\"             data-album_gallery_id=\"1\"             data-alb_gal_id=\"6\"             data-title=\"S\u00fcdfrankreich\"             data-bwg=\"0\">                        <div class=\"bwg-item0 \">              <div class=\"bwg-item1 \">                <div class=\"bwg-item2\">                  <img decoding=\"async\" class=\"skip-lazy \"                       data-width=\"500.00\"                       data-height=\"375.00\"                       data-src=\"https:\/\/www.entwicklung-sl.de\/wp-content\/uploads\/photo-gallery\/imported_from_media_libray\/thumb\/SL-SFr-1-P1210081-klein.jpg?bwg=1663748387\"                       src=\"https:\/\/www.entwicklung-sl.de\/wp-content\/uploads\/photo-gallery\/imported_from_media_libray\/thumb\/SL-SFr-1-P1210081-klein.jpg?bwg=1663748387\"                       alt=\"S\u00fcdfrankreich\"                       title=\"S\u00fcdfrankreich\" \/>                <\/div>                <div class=\"\">                                  <\/div>              <\/div>            <\/div>            <div class=\"bwg-title1\"><div class=\"bwg-title2\">S\u00fcdfrankreich<\/div><\/div>          <\/a>        <\/div>                <div class=\"bwg-item\">          <a class=\"bwg-a bwg-album bwg_album_0\"             href='\/en\/wp-json\/wp\/v2\/pages\/134?type_0=gallery&#038;album_gallery_id_0=7'                          data-container_id=\"bwg_album_compact_0\"             data-def_type=\"gallery\"             data-album_gallery_id=\"1\"             data-alb_gal_id=\"7\"             data-title=\"V\u00f6gel\"             data-bwg=\"0\">                        <div class=\"bwg-item0 \">              <div class=\"bwg-item1 \">                <div class=\"bwg-item2\">                  <img decoding=\"async\" class=\"skip-lazy \"                       data-width=\"500.00\"                       data-height=\"375.00\"                       data-src=\"https:\/\/www.entwicklung-sl.de\/wp-content\/uploads\/photo-gallery\/imported_from_media_libray\/thumb\/SL-V-1-P1060245.jpg?bwg=1663748403\"                       src=\"https:\/\/www.entwicklung-sl.de\/wp-content\/uploads\/photo-gallery\/imported_from_media_libray\/thumb\/SL-V-1-P1060245.jpg?bwg=1663748403\"                       alt=\"V\u00f6gel\"                       title=\"V\u00f6gel\" \/>                <\/div>                <div class=\"\">                                  <\/div>              <\/div>            <\/div>            <div class=\"bwg-title1\"><div class=\"bwg-title2\">V\u00f6gel<\/div><\/div>          <\/a>        <\/div>                <div class=\"bwg-item\">          <a class=\"bwg-a bwg-album bwg_album_0\"             href='\/en\/wp-json\/wp\/v2\/pages\/134?type_0=gallery&#038;album_gallery_id_0=8'                          data-container_id=\"bwg_album_compact_0\"             data-def_type=\"gallery\"             data-album_gallery_id=\"1\"             data-alb_gal_id=\"8\"             data-title=\"Nebel- und Regenstimmung\"             data-bwg=\"0\">                        <div class=\"bwg-item0 \">              <div class=\"bwg-item1 \">                <div class=\"bwg-item2\">                  <img decoding=\"async\" class=\"skip-lazy \"                       data-width=\"500.00\"                       data-height=\"375.00\"                       data-src=\"https:\/\/www.entwicklung-sl.de\/wp-content\/uploads\/photo-gallery\/imported_from_media_libray\/thumb\/SL-NR-1-PANA6567.jpg?bwg=1663748421\"                       src=\"https:\/\/www.entwicklung-sl.de\/wp-content\/uploads\/photo-gallery\/imported_from_media_libray\/thumb\/SL-NR-1-PANA6567.jpg?bwg=1663748421\"                       alt=\"Nebel- und Regenstimmung\"                       title=\"Nebel- und Regenstimmung\" \/>                <\/div>                <div class=\"\">                                  <\/div>              <\/div>            <\/div>            <div class=\"bwg-title1\"><div class=\"bwg-title2\">Nebel- und Regenstimmung<\/div><\/div>          <\/a>        <\/div>                <div class=\"bwg-item\">          <a class=\"bwg-a bwg-album bwg_album_0\"             href='\/en\/wp-json\/wp\/v2\/pages\/134?type_0=gallery&#038;album_gallery_id_0=9'                          data-container_id=\"bwg_album_compact_0\"             data-def_type=\"gallery\"             data-album_gallery_id=\"1\"             data-alb_gal_id=\"9\"             data-title=\"Spiegelungen\"             data-bwg=\"0\">                        <div class=\"bwg-item0 \">              <div class=\"bwg-item1 \">                <div class=\"bwg-item2\">                  <img decoding=\"async\" class=\"skip-lazy \"                       data-width=\"500.00\"                       data-height=\"375.00\"                       data-src=\"https:\/\/www.entwicklung-sl.de\/wp-content\/uploads\/photo-gallery\/imported_from_media_libray\/thumb\/P1260379-klein.jpg?bwg=1663748441\"                       src=\"https:\/\/www.entwicklung-sl.de\/wp-content\/uploads\/photo-gallery\/imported_from_media_libray\/thumb\/P1260379-klein.jpg?bwg=1663748441\"                       alt=\"Spiegelungen\"                       title=\"Spiegelungen\" \/>                <\/div>                <div class=\"\">                                  <\/div>              <\/div>            <\/div>            <div class=\"bwg-title1\"><div class=\"bwg-title2\">Spiegelungen<\/div><\/div>          <\/a>        <\/div>                <div class=\"bwg-item\">          <a class=\"bwg-a bwg-album bwg_album_0\"             href='\/en\/wp-json\/wp\/v2\/pages\/134?type_0=gallery&#038;album_gallery_id_0=10'                          data-container_id=\"bwg_album_compact_0\"             data-def_type=\"gallery\"             data-album_gallery_id=\"1\"             data-alb_gal_id=\"10\"             data-title=\"auf eine Farbe konzentriert\"             data-bwg=\"0\">                        <div class=\"bwg-item0 \">              <div class=\"bwg-item1 \">                <div class=\"bwg-item2\">                  <img decoding=\"async\" class=\"skip-lazy \"                       data-width=\"500.00\"                       data-height=\"375.00\"                       data-src=\"https:\/\/www.entwicklung-sl.de\/wp-content\/uploads\/photo-gallery\/imported_from_media_libray\/thumb\/SL-Farb-1-Kl-Brunnen-blau.jpg?bwg=1663748465\"                       src=\"https:\/\/www.entwicklung-sl.de\/wp-content\/uploads\/photo-gallery\/imported_from_media_libray\/thumb\/SL-Farb-1-Kl-Brunnen-blau.jpg?bwg=1663748465\"                       alt=\"auf eine Farbe konzentriert\"                       title=\"auf eine Farbe konzentriert\" \/>                <\/div>                <div class=\"\">                                  <\/div>              <\/div>            <\/div>            <div class=\"bwg-title1\"><div class=\"bwg-title2\">auf eine Farbe konzentriert<\/div><\/div>          <\/a>        <\/div>                <div class=\"bwg-item\">          <a class=\"bwg-a bwg-album bwg_album_0\"             href='\/en\/wp-json\/wp\/v2\/pages\/134?type_0=gallery&#038;album_gallery_id_0=11'                          data-container_id=\"bwg_album_compact_0\"             data-def_type=\"gallery\"             data-album_gallery_id=\"1\"             data-alb_gal_id=\"11\"             data-title=\"Wolkenkraft und Himmel\"             data-bwg=\"0\">                        <div class=\"bwg-item0 \">              <div class=\"bwg-item1 \">                <div class=\"bwg-item2\">                  <img decoding=\"async\" class=\"skip-lazy \"                       data-width=\"500.00\"                       data-height=\"375.00\"                       data-src=\"https:\/\/www.entwicklung-sl.de\/wp-content\/uploads\/photo-gallery\/imported_from_media_libray\/thumb\/P1240517-klein.jpg?bwg=1663748482\"                       src=\"https:\/\/www.entwicklung-sl.de\/wp-content\/uploads\/photo-gallery\/imported_from_media_libray\/thumb\/P1240517-klein.jpg?bwg=1663748482\"                       alt=\"Wolkenkraft und Himmel\"                       title=\"Wolkenkraft und Himmel\" \/>                <\/div>                <div class=\"\">                                  <\/div>              <\/div>            <\/div>            <div class=\"bwg-title1\"><div class=\"bwg-title2\">Wolkenkraft und Himmel<\/div><\/div>          <\/a>        <\/div>                <div class=\"bwg-item\">          <a class=\"bwg-a bwg-album bwg_album_0\"             href='\/en\/wp-json\/wp\/v2\/pages\/134?type_0=gallery&#038;album_gallery_id_0=12'                          data-container_id=\"bwg_album_compact_0\"             data-def_type=\"gallery\"             data-album_gallery_id=\"1\"             data-alb_gal_id=\"12\"             data-title=\"Tags\u00fcber am Wasser\"             data-bwg=\"0\">                        <div class=\"bwg-item0 \">              <div class=\"bwg-item1 \">                <div class=\"bwg-item2\">                  <img decoding=\"async\" class=\"skip-lazy \"                       data-width=\"500.00\"                       data-height=\"375.00\"                       data-src=\"https:\/\/www.entwicklung-sl.de\/wp-content\/uploads\/photo-gallery\/imported_from_media_libray\/thumb\/SL-WT-1-PANA7047-klein.jpg?bwg=1663748498\"                       src=\"https:\/\/www.entwicklung-sl.de\/wp-content\/uploads\/photo-gallery\/imported_from_media_libray\/thumb\/SL-WT-1-PANA7047-klein.jpg?bwg=1663748498\"                       alt=\"Tags\u00fcber am Wasser\"                       title=\"Tags\u00fcber am Wasser\" \/>                <\/div>                <div class=\"\">                                  <\/div>              <\/div>            <\/div>            <div class=\"bwg-title1\"><div class=\"bwg-title2\">Tags\u00fcber am Wasser<\/div><\/div>          <\/a>        <\/div>            <\/div>          <input type=\"hidden\" id=\"bwg_album_breadcrumb_0\" name=\"bwg_album_breadcrumb_0\" value='[{&quot;id&quot;:&quot;1&quot;,&quot;page&quot;:1}]' \/>              <\/div>        <\/form>        <style>          #bwg_container1_0 #bwg_container2_0 #spider_popup_overlay_0 {          background-color: #EEEEEE;          opacity: 0.60;          }          <\/style>        <div id=\"bwg_spider_popup_loading_0\" class=\"bwg_spider_popup_loading\"><\/div>        <div id=\"spider_popup_overlay_0\" class=\"spider_popup_overlay\" onclick=\"spider_destroypopup(1000)\"><\/div>        <input type=\"hidden\" id=\"bwg_random_seed_0\" value=\"1022533674\">                <\/div>    <\/div>    <script>      if (document.readyState === 'complete') {        if( typeof bwg_main_ready == 'function' ) {          if ( jQuery(\"#bwg_container1_0\").height() ) {            bwg_main_ready(jQuery(\"#bwg_container1_0\"));          }        }      } else {        document.addEventListener('DOMContentLoaded', function() {          if( typeof bwg_main_ready == 'function' ) {            if ( jQuery(\"#bwg_container1_0\").height() ) {             bwg_main_ready(jQuery(\"#bwg_container1_0\"));            }          }        });      }    <\/script>    \n<p>[\/et_pb_text][\/et_pb_column][\/et_pb_row][\/et_pb_section][et_pb_section fb_built=&#8221;1&#8243; _builder_version=&#8221;4.18.0&#8243; background_color=&#8221;#ffeed5&#8243; link_option_url_new_window=&#8221;on&#8221; global_colors_info=&#8221;{}&#8221;][et_pb_row _builder_version=&#8221;4.16&#8243; background_size=&#8221;initial&#8221; background_position=&#8221;top_left&#8221; background_repeat=&#8221;repeat&#8221; global_colors_info=&#8221;{}&#8221;][et_pb_column type=&#8221;4_4&#8243; _builder_version=&#8221;4.16&#8243; custom_padding=&#8221;|||&#8221; global_colors_info=&#8221;{}&#8221; custom_padding__hover=&#8221;|||&#8221;][et_pb_blurb title=&#8221;Ausf\u00fchrungsart:&#8221; image_icon_width=&#8221;40%&#8221; content_max_width=&#8221;1100px&#8221; _builder_version=&#8221;4.23.1&#8243; _module_preset=&#8221;default&#8221; header_level=&#8221;h1&#8243; header_text_align=&#8221;center&#8221; border_radii_image=&#8221;on|100px|100px|100px|100px&#8221; box_shadow_style_image=&#8221;preset1&#8243; global_colors_info=&#8221;{}&#8221;]<\/p>\n<p><strong><span><\/span><\/strong><\/p>\n<p><strong><span>KALENDER:<\/span><\/strong><\/p>\n<p>Kalender in DIN A3 (29,7 x 42 cm) und DIN A2 (ca. 59,4 x 42 cm) Hochkant und Querformat<\/p>\n<ul>\n<li>Der Startmonat kann frei gew\u00e4hlt werden<\/li>\n<li>\u00dcberraschungskalender in DIN A3 und DIN A2 Hochkant und Querformat:<br \/>Die Auswahl der Bilder erfolgt \u00fcber mich: aus den verschiedensten Kategorien und noch weiteren Kategorien\/Fotos die hier nicht gezeigt werden.<br \/>Nur Mut! La\u00df Dich \u00fcberraschen.<br \/>Gib gerne Deine Pr\u00e4ferenzen in Bezug auf die Motive an<br \/>Wahlweise kann der erstellte Kalender vor dem Druckauftrag elektronisch angeschaut werden<br \/>Der Startmonat kann frei gew\u00e4hlt werden<\/li>\n<li>Technisch ist es nicht m\u00f6glich ein Hochkantfoto in einem Kalender als Querformat zu drucken.<br \/>Wird ein Foto das im Querformat vorhanden ist in einem Hochkantkalender verwendet, wird ein Ausschnitt dargestellt.<\/li>\n<\/ul>\n<p><strong><span>WANDFOTOS\u00a0 in Acrylglas, Alu-Dibond:<\/span><\/strong><strong><span><\/span><\/strong><\/p>\n<p>Wandfotos k\u00f6nnen in Acrylglas oder Alu-Dibond in untenstehenden Formaten bestellt werden. Auf Anfrage k\u00f6nnen auch gr\u00f6\u00dfere Formate oder Sonderformate bestellt werden.<\/p>\n<ul><\/ul>\n<p><span><strong>Hinweise<\/strong><\/span><\/p>\n<p><span>Um eine bessere Leistung der Internetseite zu gew\u00e4hrleisten sind die Fotos in einer geringeren Aufl\u00f6sung gespeichert.<br \/><\/span><span>Bei hochkanten Fotos wird in der \u00dcbersicht nur ein Ausschnitt dargestellt. Beim Anklicken zeigt sich das Foto in der gesamten Gr\u00f6\u00dfe<br \/>In den Kalendern wird ein Bildausschnitt gedruckt, der auf die Gr\u00f6\u00dfe\u00a0 des Kalenders Format\/Ausrichtung zugeschnitten ist<br \/><\/span><span><\/span><\/p>\n<p>[\/et_pb_blurb][\/et_pb_column][\/et_pb_row][\/et_pb_section][et_pb_section fb_built=&#8221;1&#8243; _builder_version=&#8221;4.18.0&#8243; _module_preset=&#8221;default&#8221; background_color=&#8221;rgba(228,189,137,0.71)&#8221; use_background_color_gradient=&#8221;on&#8221; background_color_gradient_stops=&#8221;rgba(0,0,0,0) 0%|rgba(0,0,0,0) 100%&#8221; background_color_gradient_start=&#8221;rgba(0,0,0,0)&#8221; background_color_gradient_end=&#8221;rgba(0,0,0,0)&#8221; custom_margin=&#8221;||||false|false&#8221; custom_padding=&#8221;22px|||||&#8221; bottom_divider_color=&#8221;#ffeed5&#8243; link_option_url_new_window=&#8221;on&#8221; global_colors_info=&#8221;{}&#8221;][et_pb_row _builder_version=&#8221;4.16&#8243; _module_preset=&#8221;default&#8221; custom_padding=&#8221;14px|||||&#8221; global_colors_info=&#8221;{}&#8221;][et_pb_column type=&#8221;4_4&#8243; _builder_version=&#8221;4.16&#8243; _module_preset=&#8221;default&#8221; global_colors_info=&#8221;{}&#8221;][et_pb_blurb title=&#8221;Preise und Bestellung:&#8221; image_icon_width=&#8221;70%&#8221; content_max_width=&#8221;1100px&#8221; _builder_version=&#8221;4.23.1&#8243; _module_preset=&#8221;default&#8221; header_level=&#8221;h2&#8243; header_text_align=&#8221;center&#8221; body_text_align=&#8221;left&#8221; custom_margin=&#8221;50px||||false|false&#8221; custom_padding=&#8221;0px|||||&#8221; border_radii_image=&#8221;on|100px|100px|100px|100px&#8221; box_shadow_style_image=&#8221;preset1&#8243; global_colors_info=&#8221;{}&#8221;]<\/p>\n<p>&nbsp;<\/p>\n<p>Der Gesamtpreis berechnet sich aus: Fotopreis + Produktionspreis<br \/>zuz\u00fcglich Versandkosten<\/p>\n<p>Preise f\u00fcr Kalender\/\u00dcberraschungskalender zzgl MWSt<\/p>\n<ul>\n<li>DIN A3 Hochkant: 65 Euro (18 Euro Druckpreis + 47 Euro Fotopreis)<\/li>\n<li>DIN A3 Querformat\/Panorama: 69 Euro (22 Euro Druckpreis + 47 Euro Fotopreis)<\/li>\n<li>DIN A2 Hochkant: 87 Euro (40 Euro Druckpreis + 47 Euro Fotopreis)<\/li>\n<li>DIN A2 Querformat: 91 Euro (44 Euro Druckpreis + 47 Euro Fotopreis)<\/li>\n<\/ul>\n<p>Preise f\u00fcr Wandbilder in Acryl oder AluDibond:<\/p>\n<table width=\"194\">\n<tbody>\n<tr>\n<td width=\"94\">Gr\u00f6\u00dfe<\/td>\n<td width=\"100\">Bruttopreis<\/td>\n<\/tr>\n<tr>\n<td>30 x 30 cm<\/td>\n<td>180,00 \u20ac<\/td>\n<\/tr>\n<tr>\n<td>40 x 40 cm<\/td>\n<td>240,00 \u20ac<\/td>\n<\/tr>\n<tr>\n<td>30 x 20 cm<\/td>\n<td>140,00 \u20ac<\/td>\n<\/tr>\n<tr>\n<td>40 x 30 cm<\/td>\n<td>220,00 \u20ac<\/td>\n<\/tr>\n<tr>\n<td>30 x 40 cm<\/td>\n<td>220,00 \u20ac<\/td>\n<\/tr>\n<tr>\n<td>60 x 40 cm<\/td>\n<td>350,00 \u20ac<\/td>\n<\/tr>\n<tr>\n<td>40 x 60 cm<\/td>\n<td>350,00 \u20ac<\/td>\n<\/tr>\n<tr>\n<td>75 x 50 cm<\/td>\n<td>460,00 \u20ac<\/td>\n<\/tr>\n<tr>\n<td>75 x 50 cm<\/td>\n<td>470,00 \u20ac<\/td>\n<\/tr>\n<tr>\n<td>80 x 40 cm<\/td>\n<td>460,00 \u20ac<\/td>\n<\/tr>\n<tr>\n<td>80 x 60 cm<\/td>\n<td>600,00 \u20ac<\/td>\n<\/tr>\n<tr>\n<td>90 x 60 cm<\/td>\n<td>630,00 \u20ac<\/td>\n<\/tr>\n<\/tbody>\n<\/table>\n<p>F\u00fcr Deine Bestellung\/Angebotsanfrage sende bitte eine Email an:<br \/>Entwicklung-SL\u00a0 (et)\u00a0 posteo.de<\/p>\n<p>Bei Bestellung eines Kalenders, der bestimmte Fotos enthalten soll, gib bitte die Fotonummern mit an und den Monat in dem Du Dir dieses jeweilige Foto w\u00fcnschst<\/p>\n<p>Die Foto-Nummer inkl. Beschreibung findest Du im Info-Button des jeweiligen Fotos.<\/p>\n<p>&nbsp;<\/p>\n<p>Die Fotografin Sandra Ledwinka bestellt den Foto-\/Kalenderauftrag nach Ablauf der gesetztlich vorgegebenen Widerspruchsfrist von 14 Kalendertagen beim Labor und danach werden die Fotos zum Auftraggeber geschickt.<\/p>\n<p>Widerspruch zum Auftrag innerhalb von 14 Kalendertagen bitte schriftlich per E-Mail an Entwicklung-SL (at) posteo.de.<\/p>\n<p>[\/et_pb_blurb][\/et_pb_column][\/et_pb_row][\/et_pb_section]<\/p>\n","protected":false},"excerpt":{"rendered":"<p>\u00a0 Fotografie Meine innere K\u00fcnstlerin ist Fotografin Wenn mein inneres Kind bei langer B\u00fcroarbeit \u201eLAAAANGGGWEEEEILIGGGG!\u201c sagt, dann wei\u00df ich, dass es wieder einmal Zeit ist zu fotografieren. Dieser Teil in mir ist mir \u00e4u\u00dferst wichtig und ich f\u00fchle mich beim Fotografieren lebendig und getragen. Meist zieht mich eine Stimmung, ein Detail oder ein Landschaftsausschnitt wie [&hellip;]<\/p>\n","protected":false},"author":1,"featured_media":0,"parent":0,"menu_order":0,"comment_status":"closed","ping_status":"closed","template":"","meta":{"_et_pb_use_builder":"on","_et_pb_old_content":"","_et_gb_content_width":"","footnotes":""},"class_list":["post-134","page","type-page","status-publish","hentry"],"yoast_head":"<!-- This site is optimized with the Yoast SEO plugin v27.5 - https:\/\/yoast.com\/product\/yoast-seo-wordpress\/ -->\n<title>Fotografie - Bewirke was - tue was<\/title>\n<meta name=\"robots\" content=\"index, follow, max-snippet:-1, max-image-preview:large, max-video-preview:-1\" \/>\n<link rel=\"canonical\" href=\"https:\/\/www.entwicklung-sl.de\/en\/fotografie\/\" \/>\n<meta property=\"og:locale\" content=\"en_US\" \/>\n<meta property=\"og:type\" content=\"article\" \/>\n<meta property=\"og:title\" content=\"Fotografie - Bewirke was - tue was\" \/>\n<meta property=\"og:description\" content=\"\u00a0 Fotografie Meine innere K\u00fcnstlerin ist Fotografin Wenn mein inneres Kind bei langer B\u00fcroarbeit \u201eLAAAANGGGWEEEEILIGGGG!\u201c sagt, dann wei\u00df ich, dass es wieder einmal Zeit ist zu fotografieren. Dieser Teil in mir ist mir \u00e4u\u00dferst wichtig und ich f\u00fchle mich beim Fotografieren lebendig und getragen. Meist zieht mich eine Stimmung, ein Detail oder ein Landschaftsausschnitt wie [&hellip;]\" \/>\n<meta property=\"og:url\" content=\"https:\/\/www.entwicklung-sl.de\/en\/fotografie\/\" \/>\n<meta property=\"og:site_name\" content=\"Bewirke was - tue was\" \/>\n<meta property=\"article:modified_time\" content=\"2023-12-02T18:50:14+00:00\" \/>\n<meta property=\"og:image\" content=\"https:\/\/www.entwicklung-sl.de\/wp-content\/uploads\/2022\/12\/P1011866-geschnitten-199x300.jpg\" \/>\n<meta name=\"twitter:card\" content=\"summary_large_image\" \/>\n<meta name=\"twitter:label1\" content=\"Est. reading time\" \/>\n\t<meta name=\"twitter:data1\" content=\"3 minutes\" \/>\n<script type=\"application\/ld+json\" class=\"yoast-schema-graph\">{\"@context\":\"https:\\\/\\\/schema.org\",\"@graph\":[{\"@type\":\"WebPage\",\"@id\":\"https:\\\/\\\/www.entwicklung-sl.de\\\/fotografie\\\/\",\"url\":\"https:\\\/\\\/www.entwicklung-sl.de\\\/fotografie\\\/\",\"name\":\"Fotografie - Bewirke was - tue was\",\"isPartOf\":{\"@id\":\"https:\\\/\\\/www.entwicklung-sl.de\\\/#website\"},\"primaryImageOfPage\":{\"@id\":\"https:\\\/\\\/www.entwicklung-sl.de\\\/fotografie\\\/#primaryimage\"},\"image\":{\"@id\":\"https:\\\/\\\/www.entwicklung-sl.de\\\/fotografie\\\/#primaryimage\"},\"thumbnailUrl\":\"https:\\\/\\\/www.entwicklung-sl.de\\\/wp-content\\\/uploads\\\/2022\\\/12\\\/P1011866-geschnitten-199x300.jpg\",\"datePublished\":\"2021-09-09T11:28:38+00:00\",\"dateModified\":\"2023-12-02T18:50:14+00:00\",\"breadcrumb\":{\"@id\":\"https:\\\/\\\/www.entwicklung-sl.de\\\/fotografie\\\/#breadcrumb\"},\"inLanguage\":\"en-US\",\"potentialAction\":[{\"@type\":\"ReadAction\",\"target\":[\"https:\\\/\\\/www.entwicklung-sl.de\\\/fotografie\\\/\"]}]},{\"@type\":\"ImageObject\",\"inLanguage\":\"en-US\",\"@id\":\"https:\\\/\\\/www.entwicklung-sl.de\\\/fotografie\\\/#primaryimage\",\"url\":\"https:\\\/\\\/www.entwicklung-sl.de\\\/wp-content\\\/uploads\\\/2022\\\/12\\\/P1011866-geschnitten-199x300.jpg\",\"contentUrl\":\"https:\\\/\\\/www.entwicklung-sl.de\\\/wp-content\\\/uploads\\\/2022\\\/12\\\/P1011866-geschnitten-199x300.jpg\"},{\"@type\":\"BreadcrumbList\",\"@id\":\"https:\\\/\\\/www.entwicklung-sl.de\\\/fotografie\\\/#breadcrumb\",\"itemListElement\":[{\"@type\":\"ListItem\",\"position\":1,\"name\":\"Startseite\",\"item\":\"https:\\\/\\\/www.entwicklung-sl.de\\\/\"},{\"@type\":\"ListItem\",\"position\":2,\"name\":\"Fotografie\"}]},{\"@type\":\"WebSite\",\"@id\":\"https:\\\/\\\/www.entwicklung-sl.de\\\/#website\",\"url\":\"https:\\\/\\\/www.entwicklung-sl.de\\\/\",\"name\":\"Bewirke was - tue was\",\"description\":\"\",\"potentialAction\":[{\"@type\":\"SearchAction\",\"target\":{\"@type\":\"EntryPoint\",\"urlTemplate\":\"https:\\\/\\\/www.entwicklung-sl.de\\\/?s={search_term_string}\"},\"query-input\":{\"@type\":\"PropertyValueSpecification\",\"valueRequired\":true,\"valueName\":\"search_term_string\"}}],\"inLanguage\":\"en-US\"}]}<\/script>\n<!-- \/ Yoast SEO plugin. -->","yoast_head_json":{"title":"Fotografie - Bewirke was - tue was","robots":{"index":"index","follow":"follow","max-snippet":"max-snippet:-1","max-image-preview":"max-image-preview:large","max-video-preview":"max-video-preview:-1"},"canonical":"https:\/\/www.entwicklung-sl.de\/en\/fotografie\/","og_locale":"en_US","og_type":"article","og_title":"Fotografie - Bewirke was - tue was","og_description":"\u00a0 Fotografie Meine innere K\u00fcnstlerin ist Fotografin Wenn mein inneres Kind bei langer B\u00fcroarbeit \u201eLAAAANGGGWEEEEILIGGGG!\u201c sagt, dann wei\u00df ich, dass es wieder einmal Zeit ist zu fotografieren. Dieser Teil in mir ist mir \u00e4u\u00dferst wichtig und ich f\u00fchle mich beim Fotografieren lebendig und getragen. Meist zieht mich eine Stimmung, ein Detail oder ein Landschaftsausschnitt wie [&hellip;]","og_url":"https:\/\/www.entwicklung-sl.de\/en\/fotografie\/","og_site_name":"Bewirke was - tue was","article_modified_time":"2023-12-02T18:50:14+00:00","og_image":[{"url":"https:\/\/www.entwicklung-sl.de\/wp-content\/uploads\/2022\/12\/P1011866-geschnitten-199x300.jpg","type":"","width":"","height":""}],"twitter_card":"summary_large_image","twitter_misc":{"Est. reading time":"3 minutes"},"schema":{"@context":"https:\/\/schema.org","@graph":[{"@type":"WebPage","@id":"https:\/\/www.entwicklung-sl.de\/fotografie\/","url":"https:\/\/www.entwicklung-sl.de\/fotografie\/","name":"Fotografie - Bewirke was - tue was","isPartOf":{"@id":"https:\/\/www.entwicklung-sl.de\/#website"},"primaryImageOfPage":{"@id":"https:\/\/www.entwicklung-sl.de\/fotografie\/#primaryimage"},"image":{"@id":"https:\/\/www.entwicklung-sl.de\/fotografie\/#primaryimage"},"thumbnailUrl":"https:\/\/www.entwicklung-sl.de\/wp-content\/uploads\/2022\/12\/P1011866-geschnitten-199x300.jpg","datePublished":"2021-09-09T11:28:38+00:00","dateModified":"2023-12-02T18:50:14+00:00","breadcrumb":{"@id":"https:\/\/www.entwicklung-sl.de\/fotografie\/#breadcrumb"},"inLanguage":"en-US","potentialAction":[{"@type":"ReadAction","target":["https:\/\/www.entwicklung-sl.de\/fotografie\/"]}]},{"@type":"ImageObject","inLanguage":"en-US","@id":"https:\/\/www.entwicklung-sl.de\/fotografie\/#primaryimage","url":"https:\/\/www.entwicklung-sl.de\/wp-content\/uploads\/2022\/12\/P1011866-geschnitten-199x300.jpg","contentUrl":"https:\/\/www.entwicklung-sl.de\/wp-content\/uploads\/2022\/12\/P1011866-geschnitten-199x300.jpg"},{"@type":"BreadcrumbList","@id":"https:\/\/www.entwicklung-sl.de\/fotografie\/#breadcrumb","itemListElement":[{"@type":"ListItem","position":1,"name":"Startseite","item":"https:\/\/www.entwicklung-sl.de\/"},{"@type":"ListItem","position":2,"name":"Fotografie"}]},{"@type":"WebSite","@id":"https:\/\/www.entwicklung-sl.de\/#website","url":"https:\/\/www.entwicklung-sl.de\/","name":"Bewirke was - tue was","description":"","potentialAction":[{"@type":"SearchAction","target":{"@type":"EntryPoint","urlTemplate":"https:\/\/www.entwicklung-sl.de\/?s={search_term_string}"},"query-input":{"@type":"PropertyValueSpecification","valueRequired":true,"valueName":"search_term_string"}}],"inLanguage":"en-US"}]}},"_links":{"self":[{"href":"https:\/\/www.entwicklung-sl.de\/en\/wp-json\/wp\/v2\/pages\/134","targetHints":{"allow":["GET"]}}],"collection":[{"href":"https:\/\/www.entwicklung-sl.de\/en\/wp-json\/wp\/v2\/pages"}],"about":[{"href":"https:\/\/www.entwicklung-sl.de\/en\/wp-json\/wp\/v2\/types\/page"}],"author":[{"embeddable":true,"href":"https:\/\/www.entwicklung-sl.de\/en\/wp-json\/wp\/v2\/users\/1"}],"replies":[{"embeddable":true,"href":"https:\/\/www.entwicklung-sl.de\/en\/wp-json\/wp\/v2\/comments?post=134"}],"version-history":[{"count":65,"href":"https:\/\/www.entwicklung-sl.de\/en\/wp-json\/wp\/v2\/pages\/134\/revisions"}],"predecessor-version":[{"id":931,"href":"https:\/\/www.entwicklung-sl.de\/en\/wp-json\/wp\/v2\/pages\/134\/revisions\/931"}],"wp:attachment":[{"href":"https:\/\/www.entwicklung-sl.de\/en\/wp-json\/wp\/v2\/media?parent=134"}],"curies":[{"name":"wp","href":"https:\/\/api.w.org\/{rel}","templated":true}]}}